

{"id":8170,"date":"2021-04-19T21:01:24","date_gmt":"2021-04-19T19:01:24","guid":{"rendered":"https:\/\/zenshin.aarbeta.ch\/index.php\/u12-kids\/"},"modified":"2022-10-06T11:17:14","modified_gmt":"2022-10-06T09:17:14","slug":"u12-kids","status":"publish","type":"page","link":"https:\/\/zenshin.ch\/fr\/u12-kids\/","title":{"rendered":"Karat\u00e9 U14 Kids"},"content":{"rendered":"<section class=\"wpb-content-wrapper\"><p>[vc_row][vc_column]\n\t\t\t<!-- START U14 Kids REVOLUTION SLIDER 6.6.13 --><p class=\"rs-p-wp-fix\"><\/p>\n\t\t\t<rs-module-wrap id=\"rev_slider_22_1_wrapper\" data-source=\"gallery\" style=\"visibility:hidden;background:transparent;padding:0;margin:0px auto;margin-top:0;margin-bottom:0;\">\n\t\t\t\t<rs-module id=\"rev_slider_22_1\" style=\"\" data-version=\"6.6.13\">\n\t\t\t\t\t<rs-slides style=\"overflow: hidden; position: absolute;\">\n\t\t\t\t\t\t<rs-slide style=\"position: absolute;\" data-key=\"rs-240\" data-title=\"Slide\" data-thumb=\"\/\/zenshin.ch\/wp-content\/uploads\/2021\/05\/01_Karate_U12_Kids_14112020_5177-100x50.jpg\" data-anim=\"adpr:false;\" data-in=\"x:100%;\" data-out=\"a:false;\">\n\t\t\t\t\t\t\t<img decoding=\"async\" src=\"\/\/zenshin.ch\/wp-content\/plugins\/revslider\/public\/assets\/assets\/dummy.png\" alt=\"ZEN SHIN Karate U14 Kids\" title=\"ZEN SHIN Karate U14 Kids\" width=\"2048\" height=\"1363\" class=\"rev-slidebg tp-rs-img rs-lazyload\" data-lazyload=\"\/\/zenshin.ch\/wp-content\/uploads\/2021\/05\/01_Karate_U12_Kids_14112020_5177.jpg\" data-bg=\"p:0% 50%;\" data-no-retina>\n<!---->\t\t\t\t\t\t<\/rs-slide>\n\t\t\t\t\t\t<rs-slide style=\"position: absolute;\" data-key=\"rs-241\" data-title=\"Slide\" data-thumb=\"\/\/zenshin.ch\/wp-content\/uploads\/2021\/05\/02_Karate_U12_Kids_14112020_5153-100x50.jpg\" data-anim=\"adpr:false;\" data-in=\"x:100%;\" data-out=\"a:false;\">\n\t\t\t\t\t\t\t<img decoding=\"async\" src=\"\/\/zenshin.ch\/wp-content\/plugins\/revslider\/public\/assets\/assets\/dummy.png\" alt=\"ZEN SHIN Karate U14 Kids\" title=\"ZEN SHIN Karate U14 Kids\" width=\"2048\" height=\"1363\" class=\"rev-slidebg tp-rs-img rs-lazyload\" data-lazyload=\"\/\/zenshin.ch\/wp-content\/uploads\/2021\/05\/02_Karate_U12_Kids_14112020_5153.jpg\" data-bg=\"p:center bottom;\" data-no-retina>\n<!---->\t\t\t\t\t\t<\/rs-slide>\n\t\t\t\t\t\t<rs-slide style=\"position: absolute;\" data-key=\"rs-242\" data-title=\"Slide\" data-thumb=\"\/\/zenshin.ch\/wp-content\/uploads\/2021\/05\/07_Karate_U12_Kids_14112020_5169-100x50.jpg\" data-anim=\"adpr:false;\" data-in=\"x:100%;\" data-out=\"a:false;\">\n\t\t\t\t\t\t\t<img decoding=\"async\" src=\"\/\/zenshin.ch\/wp-content\/plugins\/revslider\/public\/assets\/assets\/dummy.png\" alt=\"ZEN SHIN Karate U14 Kids\" title=\"ZEN SHIN Karate U14 Kids\" width=\"2048\" height=\"1363\" class=\"rev-slidebg tp-rs-img rs-lazyload\" data-lazyload=\"\/\/zenshin.ch\/wp-content\/uploads\/2021\/05\/07_Karate_U12_Kids_14112020_5169.jpg\" data-bg=\"p:0% 30%;\" data-no-retina>\n<!---->\t\t\t\t\t\t<\/rs-slide>\n\t\t\t\t\t\t<rs-slide style=\"position: absolute;\" data-key=\"rs-243\" data-title=\"Slide\" data-thumb=\"\/\/zenshin.ch\/wp-content\/uploads\/2021\/05\/05_Karate_U12_Kids_14112020_5065-100x50.jpg\" data-anim=\"adpr:false;\" data-in=\"x:100%;\" data-out=\"a:false;\">\n\t\t\t\t\t\t\t<img decoding=\"async\" src=\"\/\/zenshin.ch\/wp-content\/plugins\/revslider\/public\/assets\/assets\/dummy.png\" alt=\"ZEN SHIN Karate U14 Kids\" title=\"ZEN SHIN Karate U14 Kids\" width=\"2048\" height=\"1363\" class=\"rev-slidebg tp-rs-img rs-lazyload\" data-lazyload=\"\/\/zenshin.ch\/wp-content\/uploads\/2021\/05\/05_Karate_U12_Kids_14112020_5065.jpg\" data-bg=\"p:0% 60%;\" data-no-retina>\n<!---->\t\t\t\t\t\t<\/rs-slide>\n\t\t\t\t\t\t<rs-slide style=\"position: absolute;\" data-key=\"rs-244\" data-title=\"Slide\" data-thumb=\"\/\/zenshin.ch\/wp-content\/uploads\/2021\/05\/06_Karate_U12_Kids_14112020_5164-100x50.jpg\" data-anim=\"adpr:false;\" data-in=\"x:100%;\" data-out=\"a:false;\">\n\t\t\t\t\t\t\t<img decoding=\"async\" src=\"\/\/zenshin.ch\/wp-content\/plugins\/revslider\/public\/assets\/assets\/dummy.png\" alt=\"ZEN SHIN Karate U14 Kids\" title=\"ZEN SHIN Karate U14 Kids\" width=\"2048\" height=\"1363\" class=\"rev-slidebg tp-rs-img rs-lazyload\" data-lazyload=\"\/\/zenshin.ch\/wp-content\/uploads\/2021\/05\/06_Karate_U12_Kids_14112020_5164.jpg\" data-bg=\"p:0% 30%;\" data-no-retina>\n<!---->\t\t\t\t\t\t<\/rs-slide>\n\t\t\t\t\t\t<rs-slide style=\"position: absolute;\" data-key=\"rs-245\" data-title=\"Slide\" data-thumb=\"\/\/zenshin.ch\/wp-content\/uploads\/2021\/05\/03_Karate_U12_Kids_14112020_5036-100x50.jpg\" data-anim=\"adpr:false;\" data-in=\"x:100%;\" data-out=\"a:false;\">\n\t\t\t\t\t\t\t<img decoding=\"async\" src=\"\/\/zenshin.ch\/wp-content\/plugins\/revslider\/public\/assets\/assets\/dummy.png\" alt=\"ZEN SHIN Karate U14 Kids\" title=\"ZEN SHIN Karate U14 Kids\" width=\"2048\" height=\"1363\" class=\"rev-slidebg tp-rs-img rs-lazyload\" data-lazyload=\"\/\/zenshin.ch\/wp-content\/uploads\/2021\/05\/03_Karate_U12_Kids_14112020_5036.jpg\" data-bg=\"p:0% 30%;\" data-no-retina>\n<!---->\t\t\t\t\t\t<\/rs-slide>\n\t\t\t\t\t\t<rs-slide style=\"position: absolute;\" data-key=\"rs-246\" data-title=\"Slide\" data-thumb=\"\/\/zenshin.ch\/wp-content\/uploads\/2021\/05\/08_Karate_U12_Kids_14112020_5172-100x50.jpg\" data-anim=\"adpr:false;\" data-in=\"x:100%;\" data-out=\"a:false;\">\n\t\t\t\t\t\t\t<img decoding=\"async\" src=\"\/\/zenshin.ch\/wp-content\/plugins\/revslider\/public\/assets\/assets\/dummy.png\" alt=\"ZEN SHIN Karate U14 Kids\" title=\"ZEN SHIN Karate U14 Kids\" width=\"2048\" height=\"1363\" class=\"rev-slidebg tp-rs-img rs-lazyload\" data-lazyload=\"\/\/zenshin.ch\/wp-content\/uploads\/2021\/05\/08_Karate_U12_Kids_14112020_5172.jpg\" data-bg=\"p:0% 70%;\" data-no-retina>\n<!---->\t\t\t\t\t\t<\/rs-slide>\n\t\t\t\t\t<\/rs-slides>\n\t\t\t\t\t<rs-static-layers><!--\n\t\t\t\t\t--><\/rs-static-layers>\n\t\t\t\t<\/rs-module>\n\t\t\t\t<script>\n\t\t\t\t\tsetREVStartSize({c: 'rev_slider_22_1',rl:[1240,1024,778,480],el:[837,768,960,750],gw:[1920,1024,1000,1000],gh:[837,768,960,750],type:'standard',justify:'',layout:'fullwidth',mh:\"0\"});if (window.RS_MODULES!==undefined && window.RS_MODULES.modules!==undefined && window.RS_MODULES.modules[\"revslider221\"]!==undefined) {window.RS_MODULES.modules[\"revslider221\"].once = false;window.revapi22 = undefined;if (window.RS_MODULES.checkMinimal!==undefined) window.RS_MODULES.checkMinimal()}\n\t\t\t\t<\/script>\n\t\t\t<\/rs-module-wrap>\n\t\t\t<!-- END REVOLUTION SLIDER -->\n[\/vc_column][\/vc_row][vc_row][vc_column][vc_empty_space height=&#8221;60px&#8221; alter_height=&#8221;large&#8221; hide_on_mobile=&#8221;&#8221;][\/vc_column][\/vc_row][vc_row][vc_column][vc_column_text]<\/p>\n<h6 class=\"abstandoben\"><strong><span style=\"color: #e5553f;\">Formation pour les enfants de 8 \u00e0 14 ans<\/span><\/strong><\/h6>\n<h2 class=\"rokk\"><strong>Karat\u00e9 U14 Kids<\/strong><\/h2>\n<p>Initiation au karat\u00e9 comme entra\u00eenement du corps et de l&#8217;esprit, entra\u00eenement \u00e0 la concentration et \u00e0 la coordination, ainsi qu&#8217;une parfaite auto-d\u00e9fense et entra\u00eenement de la personnalit\u00e9.<br \/>\nProfitez du mouvement, d\u00e9couvrez votre corps, exp\u00e9rimentez vos limites et \u00e9largissez-les.<br \/>\nSport de comp\u00e9tition passionnant et de haute qualit\u00e9.<\/p>\n<div class=\"vc_row wpb_row vc_row-fluid\">\n<div class=\"wpb_column vc_column_container vc_col-sm-12\">\n<div class=\"vc_column-inner\">\n<div class=\"wpb_wrapper\">\n<div class=\"wpb_text_column wpb_content_element \">\n<div class=\"wpb_wrapper\">\n<p>Vous avez des questions ou vous souhaitez en savoir plus ?<br \/>\nPour\u00a0<strong>plus d\u2019informations, <\/strong>veuillez nous contacter au<strong>032 342 46 57 ou via notre formulaire de contact.<\/strong><\/p>\n<p><strong>Cordialement, votre \u00e9quipe ZEN SHIN<br \/>\n<\/strong><\/div>\n<\/div>\n<\/div>\n<\/div>\n<\/div>\n<\/div>\n<p>&nbsp;<\/p>\n<p>&nbsp;<\/p>\n<h5><\/h5>\n<p>[\/vc_column_text][\/vc_column][\/vc_row][vc_row gap=&#8221;35&#8243;][vc_column][vc_empty_space height=&#8221;60px&#8221; hide_on_mobile=&#8221;&#8221;][\/vc_column][\/vc_row][vc_row][vc_column][vc_column_text]<\/p>\n<h5>Horaires de formation<\/h5>\n<p>[\/vc_column_text][\/vc_column][\/vc_row][vc_row][vc_column]<div  class='tt_wrapper  '><div class=\"timetable_clearfix tt_tabs tt_responsive event_layout_1\"><div class=\"tt_navigation_wrapper \">\n\t\t<div class=\"tt_navigation_cell timetable_clearfix\"><ul class=\"timetable_clearfix tt_tabs_navigation events_filter\"><li><a href=\"#u12-kids\" title=\"Karate U14 Kids\" class=\"et_smooth_scroll_disabled\">Karate U14 Kids<\/a><\/li><\/ul><\/div><div class='tt_navigation_cell timetable_clearfix'>\n\t\t\t\t<form class='tt_generate_pdf' action='' method='post'>\n\t\t\t\t\t<textarea class='tt_pdf_html' name='tt_pdf_html_content'><\/textarea>\n\t\t\t\t\t<input type='hidden' name='tt_action' value='tt_generate_pdf'\/>\n\t\t\t\t\t<input type='hidden' name='tt_pdf_font' value='lato'\/>\n\t\t\t\t\t<input type='submit' value='PDF' style=' background-color: #d04935;' onMouseOver=' this.style.setProperty(\"background\", \"#d04935\", \"important\");' onMouseOut=' this.style.setProperty(\"background\", \"#d04935\", \"important\");'\/>\n\t\t\t\t<\/form>\n\t\t\t<\/div><\/div><div id=\"u12-kids\" class=\"tt-ui-tabs-hide tt-event-category-karate14kids tt-event-category-karate-do \"><div class=\"tt_timetable small  desktop\"><h3 class=\"box_header \">\n\t\t\t\t\tDi\n\t\t\t\t<\/h3>\n\t\t\t\t<ul class=\"tt_items_list thin page_margin_top timetable_clearfix\">\n\t\t\t\t\t\t\t<li  class=\"timetable_clearfix\">\n\t\t\t\t\t\t\t\t<div class=\"event_container\">\n\t\t\t\t\t\t\t\t\t<span title=\"Karate U14 Kids\" class=\"event_header\" >Karate U14 Kids <\/span><span class=\"event_description\"><span class=\"event_description_1\" >8-13 (14) Jahre<\/span><span class=\"event_description_dot\" > &middot; <\/span><span class=\"event_description_2\" >US = Unterstufe \/ Niveau int\u00e9rieur +\r\nMS = Mittelstufe \/ Niveau moyen<\/span><\/span><\/div><div class=\"value\">\n\t\t\t\t\t\t\t\t\t<span class=\"start-hour\" >17.00<\/span><span class=\"hour-separator\" > - <\/span><span class=\"end-hour\" >18.00<\/span><\/div>\n\t\t\t\t\t\t\t<\/li><\/ul><h3 class=\"box_header  page_margin_top\">\n\t\t\t\t\tDo\n\t\t\t\t<\/h3>\n\t\t\t\t<ul class=\"tt_items_list thin page_margin_top timetable_clearfix\">\n\t\t\t\t\t\t\t<li  class=\"timetable_clearfix\">\n\t\t\t\t\t\t\t\t<div class=\"event_container\">\n\t\t\t\t\t\t\t\t\t<span title=\"Karate U14 Kids\" class=\"event_header\" >Karate U14 Kids <\/span><span class=\"event_description\"><span class=\"event_description_1\" >8-13 (14) Jahre<\/span><span class=\"event_description_dot\" > &middot; <\/span><span class=\"event_description_2\" > US = Unterstufe \/ Niveau int\u00e9rieur + MS = Mittelstufe \/ Niveau moyen<\/span><\/span><\/div><div class=\"value\">\n\t\t\t\t\t\t\t\t\t<span class=\"start-hour\" >17.30<\/span><span class=\"hour-separator\" > - <\/span><span class=\"end-hour\" >18.30<\/span><\/div>\n\t\t\t\t\t\t\t<\/li><\/ul><\/div><\/div><\/div><div class='tt_error_message tt_hide'>Aucun stundenplan disponible !<\/div><div class='tt_booking_overlay tt_hide'>\n\t<\/div>\n\t<div class='tt_booking tt_hide'>\n\t\t<div class='tt_booking_message_wrapper'>\n\t\t\t<div class='tt_booking_message' data-event-hour-id>\n\t\t\t<\/div>\n\t\t\t<div class='tt_preloader tt_hide'>\n\t\t\t\t<div class='bounce1'><\/div>\n\t\t\t\t<div class='bounce2'><\/div>\n\t\t\t\t<div class='bounce3'><\/div>\n\t\t\t<\/div>\n\t\t<\/div>\n\t<\/div><input type=\"hidden\" class=\"timetable_atts\" name=\"timetable_atts\" value=\"{&quot;event&quot;:&quot;u12-kids&quot;,&quot;event_category&quot;:&quot;karate14kids&quot;,&quot;events_page&quot;:&quot;&quot;,&quot;filter_style&quot;:&quot;tabs&quot;,&quot;filter_kind&quot;:&quot;event&quot;,&quot;measure&quot;:&quot;1&quot;,&quot;show_booking_button&quot;:&quot;no&quot;,&quot;show_available_slots&quot;:&quot;no&quot;,&quot;available_slots_singular_label&quot;:&quot;{number_available}\\\/{number_total} slot available&quot;,&quot;available_slots_plural_label&quot;:&quot;{number_available}\\\/{number_total} slots available&quot;,&quot;allow_user_booking&quot;:&quot;yes&quot;,&quot;allow_guest_booking&quot;:&quot;no&quot;,&quot;default_booking_view&quot;:&quot;user&quot;,&quot;show_guest_name_field&quot;:&quot;yes&quot;,&quot;guest_name_field_required&quot;:&quot;yes&quot;,&quot;show_guest_phone_field&quot;:&quot;no&quot;,&quot;guest_phone_field_required&quot;:&quot;no&quot;,&quot;show_guest_message_field&quot;:&quot;no&quot;,&quot;guest_message_field_required&quot;:&quot;no&quot;,&quot;booking_label&quot;:&quot;Book now&quot;,&quot;booked_label&quot;:&quot;Booked&quot;,&quot;unavailable_label&quot;:&quot;Unavailable&quot;,&quot;booking_popup_label&quot;:&quot;Book now&quot;,&quot;login_popup_label&quot;:&quot;Log in&quot;,&quot;cancel_popup_label&quot;:&quot;Cancel&quot;,&quot;continue_popup_label&quot;:&quot;Continue&quot;,&quot;terms_checkbox&quot;:&quot;no&quot;,&quot;terms_message&quot;:&quot;Please accept terms and conditions&quot;,&quot;booking_popup_message&quot;:&quot;&lt;h2&gt;You are about to book event&lt;\\\/h2&gt;\\n&lt;div class=&#039;event_details_wrapper&#039;&gt;\\n&lt;p class=&#039;event_details bold&#039;&gt;{event_title}&lt;\\\/p&gt;\\n&lt;p class=&#039;event_details&#039;&gt;{column_title}&lt;\\\/p&gt;\\n&lt;p class=&#039;event_details&#039;&gt;{event_start} - {event_end}&lt;\\\/p&gt;\\n&lt;\\\/div&gt;\\n{booking_form}\\n&lt;p&gt;An initial receipt will be sent out automatically unless you decide not to do so below.&lt;\\\/p&gt;\\n&lt;div class=&#039;tt_btn_wrapper&#039;&gt;{tt_btn_book}{tt_btn_cancel}&lt;\\\/div&gt;&quot;,&quot;booking_popup_thank_you_message&quot;:&quot;&lt;h2&gt;Thank you for choosing our services!&lt;\\\/h2&gt;\\n&lt;div class=&#039;event_details_wrapper&#039;&gt;\\n&lt;p class=&#039;event_details bold&#039;&gt;{event_title}&lt;\\\/p&gt;\\n&lt;p class=&#039;event_details&#039;&gt;{column_title}&lt;\\\/p&gt;\\n&lt;p class=&#039;event_details&#039;&gt;{event_start} - {event_end}&lt;\\\/p&gt;\\n&lt;\\\/div&gt;\\n&lt;p class=&#039;info&#039;&gt;This is a confirmation of your booking. Your booking is now complete and a confirmation email has been sent to you.&lt;\\\/p&gt;\\n&lt;div class=&#039;tt_btn_wrapper&#039;&gt;{tt_btn_continue}&lt;\\\/div&gt;&quot;,&quot;filter_label&quot;:&quot;All Events&quot;,&quot;filter_label_2&quot;:&quot;All Events Categories&quot;,&quot;hour_category&quot;:&quot;&quot;,&quot;columns&quot;:&quot;&quot;,&quot;time_format&quot;:&quot;H.i&quot;,&quot;hide_hours_column&quot;:&quot;0&quot;,&quot;hide_all_events_view&quot;:&quot;1&quot;,&quot;show_end_hour&quot;:&quot;0&quot;,&quot;event_layout&quot;:&quot;1&quot;,&quot;box_bg_color&quot;:&quot;#d04935&quot;,&quot;box_hover_bg_color&quot;:&quot;#d04935&quot;,&quot;box_txt_color&quot;:&quot;FFFFFF&quot;,&quot;box_hover_txt_color&quot;:&quot;FFFFFF&quot;,&quot;box_hours_txt_color&quot;:&quot;FFFFFF&quot;,&quot;box_hours_hover_txt_color&quot;:&quot;FFFFFF&quot;,&quot;filter_color&quot;:&quot;#d04935&quot;,&quot;row1_color&quot;:&quot;F0F0F0&quot;,&quot;row2_color&quot;:&quot;&quot;,&quot;generate_pdf_text_color&quot;:&quot;FFFFFF&quot;,&quot;generate_pdf_bg_color&quot;:&quot;#d04935&quot;,&quot;generate_pdf_hover_text_color&quot;:&quot;FFFFFF&quot;,&quot;generate_pdf_hover_bg_color&quot;:&quot;#d04935&quot;,&quot;booking_text_color&quot;:&quot;FFFFFF&quot;,&quot;booking_bg_color&quot;:&quot;#d04935&quot;,&quot;booking_hover_text_color&quot;:&quot;FFFFFF&quot;,&quot;booking_hover_bg_color&quot;:&quot;#d04935&quot;,&quot;booked_text_color&quot;:&quot;AAAAAA&quot;,&quot;booked_bg_color&quot;:&quot;EEEEEE&quot;,&quot;unavailable_text_color&quot;:&quot;AAAAAA&quot;,&quot;unavailable_bg_color&quot;:&quot;EEEEEE&quot;,&quot;available_slots_color&quot;:&quot;FFD544&quot;,&quot;hide_empty&quot;:&quot;1&quot;,&quot;disable_event_url&quot;:&quot;1&quot;,&quot;text_align&quot;:&quot;center&quot;,&quot;row_height&quot;:&quot;31&quot;,&quot;id&quot;:&quot;&quot;,&quot;shortcode_id&quot;:&quot;&quot;,&quot;desktop_list_view&quot;:&quot;1&quot;,&quot;responsive&quot;:&quot;1&quot;,&quot;event_description_responsive&quot;:&quot;description-1-and-description-2&quot;,&quot;collapse_event_hours_responsive&quot;:&quot;0&quot;,&quot;colors_responsive_mode&quot;:&quot;0&quot;,&quot;export_to_pdf_button&quot;:&quot;1&quot;,&quot;generate_pdf_label&quot;:&quot;PDF&quot;,&quot;pdf_font&quot;:&quot;lato&quot;,&quot;direction&quot;:&quot;ltr&quot;,&quot;font_custom&quot;:&quot;&quot;,&quot;font&quot;:&quot;&quot;,&quot;font_subset&quot;:&quot;&quot;,&quot;font_size&quot;:&quot;&quot;,&quot;custom_css&quot;:&quot;&quot;}\" \/><\/div>[\/vc_column][\/vc_row][vc_row gap=&#8221;35&#8243;][vc_column][vc_empty_space height=&#8221;60px&#8221; hide_on_mobile=&#8221;&#8221;][\/vc_column][\/vc_row][vc_row][vc_column][vc_column_text]<\/p>\n<h5>Instructeurs<\/h5>\n<p>[\/vc_column_text][vc_empty_space hide_on_mobile=&#8221;&#8221;][\/vc_column][\/vc_row][vc_row scheme=&#8221;dark&#8221;][vc_column]<div id=\"awsm-team-8409\" class=\"awsm-grid-wrapper\">\n\t\t\n\t<div class=\"awsm-modal\">\n\t\t\t<div class=\"awsm-grid-modal awsm-grid modal-style style-1 grid-4-col \">\n\t\t\t\t\t\t<div id=\"awsm-member-8409-8455\" class=\"awsm-grid-card awsm-team-item awsm-scale-anm awsm-all\">\n\t\t\t\t\t<span id=\"tigger-style-8409-8455\" class=\"awsm-team-link-control awsm-modal-trigger awsm-modal-trigger-8455\" data-trigger=\"#modal-style-8409-8455\">\n\t\t\t\t\t\t<figure>\n\t\t\t\t\t\t\t<img loading=\"lazy\" decoding=\"async\" width=\"440\" height=\"587\" src=\"https:\/\/zenshin.ch\/wp-content\/uploads\/2021\/08\/ZEN_SHIN_Dominique_Sigillo_Portrait_Karate-Do-440x587.jpg\" class=\"attachment-awsm_team size-awsm_team wp-post-image\" alt=\"\" \/>\t\t\t\t\t\t\t<figcaption>\n\t\t\t\t\t\t\t\t<div class=\"awsm-personal-info\"><span>8.Dan Karat\u00e9-Do SKF, Propri\u00e9taire et instructeur en chef de ZEN SHIN<\/span><h3>Dominique Sigill\u00f2<\/h3><\/div>\t\t\t\t\t\t\t<\/figcaption>\n\t\t\t\t\t\t<\/figure>\n\t\t\t\t\t<\/span>\n\t\t\t\t<\/div>\n\t\t\t\t\t\t\t<div id=\"awsm-member-8409-8431\" class=\"awsm-grid-card awsm-team-item awsm-scale-anm awsm-all\">\n\t\t\t\t\t<span id=\"tigger-style-8409-8431\" class=\"awsm-team-link-control awsm-modal-trigger awsm-modal-trigger-8431\" data-trigger=\"#modal-style-8409-8431\">\n\t\t\t\t\t\t<figure>\n\t\t\t\t\t\t\t<img loading=\"lazy\" decoding=\"async\" width=\"440\" height=\"587\" src=\"https:\/\/zenshin.ch\/wp-content\/uploads\/2021\/04\/06_Instruktoren_Rosafio_Franco_Karate.jpg\" class=\"attachment-awsm_team size-awsm_team wp-post-image\" alt=\"\" \/>\t\t\t\t\t\t\t<figcaption>\n\t\t\t\t\t\t\t\t<div class=\"awsm-personal-info\"><span>4. Dan Karat\u00e9-Do SKF<\/span><h3>Franco Rosafio<\/h3><\/div>\t\t\t\t\t\t\t<\/figcaption>\n\t\t\t\t\t\t<\/figure>\n\t\t\t\t\t<\/span>\n\t\t\t\t<\/div>\n\t\t\t\t\t\t\t<div id=\"awsm-member-8409-8476\" class=\"awsm-grid-card awsm-team-item awsm-scale-anm awsm-all\">\n\t\t\t\t\t<span id=\"tigger-style-8409-8476\" class=\"awsm-team-link-control awsm-modal-trigger awsm-modal-trigger-8476\" data-trigger=\"#modal-style-8409-8476\">\n\t\t\t\t\t\t<figure>\n\t\t\t\t\t\t\t<img loading=\"lazy\" decoding=\"async\" width=\"440\" height=\"587\" src=\"https:\/\/zenshin.ch\/wp-content\/uploads\/2021\/04\/09_Instruktoren_Ursula_Dick_Karate-scaled.jpg\" class=\"attachment-awsm_team size-awsm_team wp-post-image\" alt=\"\" \/>\t\t\t\t\t\t\t<figcaption>\n\t\t\t\t\t\t\t\t<div class=\"awsm-personal-info\"><span>2. Dan Karat\u00e9-Do SKF<\/span><h3>Ursula Dick<\/h3><\/div>\t\t\t\t\t\t\t<\/figcaption>\n\t\t\t\t\t\t<\/figure>\n\t\t\t\t\t<\/span>\n\t\t\t\t<\/div>\n\t\t\t\t\t\t\t<div id=\"awsm-member-8409-8483\" class=\"awsm-grid-card awsm-team-item awsm-scale-anm awsm-all\">\n\t\t\t\t\t<span id=\"tigger-style-8409-8483\" class=\"awsm-team-link-control awsm-modal-trigger awsm-modal-trigger-8483\" data-trigger=\"#modal-style-8409-8483\">\n\t\t\t\t\t\t<figure>\n\t\t\t\t\t\t\t<img decoding=\"async\" src=\"https:\/\/zenshin.ch\/wp-content\/plugins\/awsm-team-pro\/images\/default-user.png\" alt=\"Nicolas Halbich\">\t\t\t\t\t\t\t<figcaption>\n\t\t\t\t\t\t\t\t<div class=\"awsm-personal-info\"><span>1.Dan Karat\u00e9-Do SKF<\/span><h3>Nicolas Halbich<\/h3><\/div>\t\t\t\t\t\t\t<\/figcaption>\n\t\t\t\t\t\t<\/figure>\n\t\t\t\t\t<\/span>\n\t\t\t\t<\/div>\n\t\t\t\t\t<\/div>\n\t\t<div class=\"awsm-modal-items modal-style style-1 grid-4-col \">\n\t\t\t<span class=\"awsm-team-link-control awsm-modal-close\"><\/span>\n\t\t\t<div class=\"awsm-modal-items-main\">\n\t\t\t\t<span class=\"awsm-team-link-control awsm-nav-item awsm-nav-left\"><\/span>\n\t\t\t\t\t<div id=\"modal-style-8409-8455\" class=\"awsm-modal-item awsm-scale-anm awsm-modal-hidden awsm-all \" data-info=\"8455\">\n\t<div id=\"awsm-member-info-8409-8455\" class=\"awsm-modal-content\">\n\t\t<div class=\"awsm-modal-content-main\">\n\t\t\t<div class=\"awsm-image-main\">\n\t\t\t\t<img loading=\"lazy\" decoding=\"async\" width=\"440\" height=\"587\" src=\"https:\/\/zenshin.ch\/wp-content\/uploads\/2021\/08\/ZEN_SHIN_Dominique_Sigillo_Portrait_Karate-Do-440x587.jpg\" class=\"attachment-awsm_team size-awsm_team wp-post-image\" alt=\"\" \/>\t\t\t<\/div>\n\t\t\t<div class=\"awsm-modal-details\">\n\t\t\t\t<div class=\"awsm-modal-content-inner\">\n\t\t\t\t\t<h3>8.Dan Karat\u00e9-Do SKF, Propri\u00e9taire et instructeur en chef de ZEN SHIN<\/h3><h2>Dominique Sigill\u00f2<\/h2><p>Karat\u00e9 depuis 1972<br \/>Instructeur de karat\u00e9-do pour adultes, enfants et adolescents<br \/>Responsable de la rel\u00e8ve du karat\u00e9 dans la r\u00e9gion de Bienne<br \/>Professeur de karat\u00e9 avec brevet f\u00e9d\u00e9ral<br \/>Directeur de l&#8217;\u00e9cole de sport avec brevet f\u00e9d\u00e9ral<br \/>Entra\u00eeneur d&#8217;\u00e9lite dipl\u00f4m\u00e9 f\u00e9d\u00e9ral Swiss Olympic<br \/>Expert J+S Sport pour enfants, jeunes et adultes<\/p>\r\n<p>Instructeur de kick-boxing<br \/>Instructeur de taiji-quan et de qi gong<br \/>Instructeur d&#8217;autod\u00e9fense<br \/>Instructeur de cardio-kick-boxing<br \/>Instructeur de fitness<\/p>\r\n<p>Membre de la commission technique de la WKF (World Karate Federation) depuis 2020<br \/>Superviseur Karate 1 Series A Tournaments World Karate Federation WKF depuis 2017<br \/>Vice-pr\u00e9sident de la commission technique EKF European Karate Federation depuis 2018<br \/>Membre de la commission technique EKF European Karate Federation depuis 2012<br \/>Membre du comit\u00e9 consultatif SKF Swiss Karate Federation depuis 2025<\/p>\r\n\r\n\r\n\r\n\r\n\r\n\r\n<div class=\"awsm-contact-details\"><p><span>sigillo.zenshin@gmail.com:<\/span><a href=\"mailto:sigillo.zenshin@gmail.com\">sigillo.zenshin@gmail.com<\/a><\/p><\/div><div class=\"awsm-social-icons\"><span><a href=\"http:\/\/dominique_sigillo\" target=\"_blank\"><i class=\"awsm-icon-instagram\" aria-hidden=\"true\"><\/i><\/a><\/span><\/div>\t\t\t\t<\/div>\n\t\t\t<\/div>\n\t\t<\/div>\n\t<\/div>\n<\/div>\n<div id=\"modal-style-8409-8431\" class=\"awsm-modal-item awsm-scale-anm awsm-modal-hidden awsm-all \" data-info=\"8431\">\n\t<div id=\"awsm-member-info-8409-8431\" class=\"awsm-modal-content\">\n\t\t<div class=\"awsm-modal-content-main\">\n\t\t\t<div class=\"awsm-image-main\">\n\t\t\t\t<img loading=\"lazy\" decoding=\"async\" width=\"440\" height=\"587\" src=\"https:\/\/zenshin.ch\/wp-content\/uploads\/2021\/04\/06_Instruktoren_Rosafio_Franco_Karate.jpg\" class=\"attachment-awsm_team size-awsm_team wp-post-image\" alt=\"\" \/>\t\t\t<\/div>\n\t\t\t<div class=\"awsm-modal-details\">\n\t\t\t\t<div class=\"awsm-modal-content-inner\">\n\t\t\t\t\t<h3>4. Dan Karat\u00e9-Do SKF<\/h3><h2>Franco Rosafio<\/h2><p>Instructuer pour: Karat\u00e9-Do adultes, Karat\u00e9-Do 40+ et Karat\u00e9-Do enfants<\/p>\n\t\t\t\t<\/div>\n\t\t\t<\/div>\n\t\t<\/div>\n\t<\/div>\n<\/div>\n<div id=\"modal-style-8409-8476\" class=\"awsm-modal-item awsm-scale-anm awsm-modal-hidden awsm-all \" data-info=\"8476\">\n\t<div id=\"awsm-member-info-8409-8476\" class=\"awsm-modal-content\">\n\t\t<div class=\"awsm-modal-content-main\">\n\t\t\t<div class=\"awsm-image-main\">\n\t\t\t\t<img loading=\"lazy\" decoding=\"async\" width=\"440\" height=\"587\" src=\"https:\/\/zenshin.ch\/wp-content\/uploads\/2021\/04\/09_Instruktoren_Ursula_Dick_Karate-scaled.jpg\" class=\"attachment-awsm_team size-awsm_team wp-post-image\" alt=\"\" \/>\t\t\t<\/div>\n\t\t\t<div class=\"awsm-modal-details\">\n\t\t\t\t<div class=\"awsm-modal-content-inner\">\n\t\t\t\t\t<h3>2. Dan Karat\u00e9-Do SKF<\/h3><h2>Ursula Dick<\/h2><p>Karat\u00e9-Do enfants et adolescents : U8 Bonsai OS\/US, U14 Kids US\/MS<br \/>\nAuto d\u00e9fense<\/p>\n\t\t\t\t<\/div>\n\t\t\t<\/div>\n\t\t<\/div>\n\t<\/div>\n<\/div>\n<div id=\"modal-style-8409-8483\" class=\"awsm-modal-item awsm-scale-anm awsm-modal-hidden awsm-all \" data-info=\"8483\">\n\t<div id=\"awsm-member-info-8409-8483\" class=\"awsm-modal-content\">\n\t\t<div class=\"awsm-modal-content-main\">\n\t\t\t<div class=\"awsm-image-main\">\n\t\t\t\t<img decoding=\"async\" src=\"https:\/\/zenshin.ch\/wp-content\/plugins\/awsm-team-pro\/images\/default-user.png\" alt=\"Nicolas Halbich\">\t\t\t<\/div>\n\t\t\t<div class=\"awsm-modal-details\">\n\t\t\t\t<div class=\"awsm-modal-content-inner\">\n\t\t\t\t\t<h3>1.Dan Karat\u00e9-Do SKF<\/h3><h2>Nicolas Halbich<\/h2>\t\t\t\t<\/div>\n\t\t\t<\/div>\n\t\t<\/div>\n\t<\/div>\n<\/div>\n\t\t\t\t<span class=\"awsm-team-link-control awsm-nav-item awsm-nav-right\"><\/span>\n\t\t\t   <\/div>\n\t\t<\/div>\n\t\t<\/div>\n<\/div>\n[\/vc_column][\/vc_row][vc_row gap=&#8221;35&#8243;][vc_column][vc_empty_space height=&#8221;60px&#8221; hide_on_mobile=&#8221;&#8221;][\/vc_column][\/vc_row][vc_row full_width=&#8221;stretch_row_content_no_spaces&#8221;][vc_column][vc_empty_space height=&#8221;5px&#8221; alter_height=&#8221;none&#8221; hide_on_mobile=&#8221;&#8221; css=&#8221;.vc_custom_1628059025750{background-color: #e5553f !important;}&#8221;][\/vc_column][\/vc_row]<\/p>\n<\/section>","protected":false},"excerpt":{"rendered":"<p>[vc_row][vc_column][\/vc_column][\/vc_row][vc_row][vc_column][vc_empty_space height=&#8221;60px&#8221; alter_height=&#8221;large&#8221; hide_on_mobile=&#8221;&#8221;][\/vc_column][\/vc_row][vc_row][vc_column][vc_column_text] Formation pour les enfants de 8 \u00e0 14 ans Karat\u00e9 U14 Kids Initiation au karat\u00e9 comme entra\u00eenement du corps et de l&#8217;esprit, entra\u00eenement \u00e0 la concentration et \u00e0 la coordination, ainsi qu&#8217;une parfaite auto-d\u00e9fense et entra\u00eenement de la personnalit\u00e9. Profitez du mouvement, d\u00e9couvrez votre corps, exp\u00e9rimentez vos limites et \u00e9largissez-les. Sport de comp\u00e9tition passionnant et de&hellip;<\/p>\n","protected":false},"author":1,"featured_media":0,"parent":0,"menu_order":0,"comment_status":"closed","ping_status":"closed","template":"","meta":{"footnotes":""},"class_list":["post-8170","page","type-page","status-publish","hentry"],"_links":{"self":[{"href":"https:\/\/zenshin.ch\/fr\/wp-json\/wp\/v2\/pages\/8170","targetHints":{"allow":["GET"]}}],"collection":[{"href":"https:\/\/zenshin.ch\/fr\/wp-json\/wp\/v2\/pages"}],"about":[{"href":"https:\/\/zenshin.ch\/fr\/wp-json\/wp\/v2\/types\/page"}],"author":[{"embeddable":true,"href":"https:\/\/zenshin.ch\/fr\/wp-json\/wp\/v2\/users\/1"}],"replies":[{"embeddable":true,"href":"https:\/\/zenshin.ch\/fr\/wp-json\/wp\/v2\/comments?post=8170"}],"version-history":[{"count":11,"href":"https:\/\/zenshin.ch\/fr\/wp-json\/wp\/v2\/pages\/8170\/revisions"}],"predecessor-version":[{"id":9566,"href":"https:\/\/zenshin.ch\/fr\/wp-json\/wp\/v2\/pages\/8170\/revisions\/9566"}],"wp:attachment":[{"href":"https:\/\/zenshin.ch\/fr\/wp-json\/wp\/v2\/media?parent=8170"}],"curies":[{"name":"wp","href":"https:\/\/api.w.org\/{rel}","templated":true}]}}